{"id":269,"date":"2019-03-01T15:52:58","date_gmt":"2019-03-01T14:52:58","guid":{"rendered":"http:\/\/ulihoehmann.de\/?page_id=269"},"modified":"2024-10-29T13:27:30","modified_gmt":"2024-10-29T12:27:30","slug":"impressum","status":"publish","type":"page","link":"https:\/\/ulihoehmann.de\/index.php\/impressum\/","title":{"rendered":"Impressum"},"content":{"rendered":"<p>[vc_row padding_top_multiplier=&#8220;&#8220;][vc_column css=&#8220;.vc_custom_1648536023250{margin-top: 18px !important;}&#8220;][vc_column_text animation_delay=&#8220;500&#8243;]<\/p>\n<h1 style=\"text-align: center;\">Impressum<\/h1>\n<p><span style=\"color: #ffffff;\">\u2013<\/span><\/p>\n<p style=\"text-align: center;\">Valentin-Senger-Stra\u00dfe 12 \u00b7 60389 Frankfurt am Main<br \/>\nTelefon <a href=\"tel:+491791101404\">+49.179.110 14 04<\/a> \u00b7 eMail webseite [at] ulihoehmann [dot] de<\/p>\n<p>[\/vc_column_text][\/vc_column][\/vc_row][vc_row][vc_column][vc_column_text animation_delay=&#8220;500&#8243;]<\/p>\n<h4 style=\"text-align: center;\">Redaktionelle Verantwortung<\/h4>\n<p style=\"text-align: center;\">Uli H\u00f6hmann<\/p>\n<p>[\/vc_column_text][\/vc_column][\/vc_row][vc_row][vc_column][vc_column_text animation_delay=&#8220;500&#8243;]<\/p>\n<h4 style=\"text-align: center;\">Konzept \/ Gestaltung<\/h4>\n<p style=\"text-align: center;\">Christian Leithner \u00b7 <a href=\"https:\/\/www.dieleithners.de\/\" target=\"_blank\" rel=\"noopener noreferrer\">www.dieleithners.de<\/a><\/p>\n<p>[\/vc_column_text][\/vc_column][\/vc_row][vc_row][vc_column][vc_column_text animation_delay=&#8220;500&#8243;]<\/p>\n<h4 style=\"text-align: center;\">Fotografie<\/h4>\n<p style=\"text-align: center;\">\u201eGab&#8217;s Tote?\u201c \u2013 Pressekabarett<br \/>\nJohanna Schm\u00fccker<\/p>\n<p style=\"text-align: center;\">\u201eUnd \u2026?\u201c \u2013 Sit-down-Comedy<br \/>\nJens Steing\u00e4sser<\/p>\n<p style=\"text-align: center;\">\u201eGro\u00dfes Solo f\u00fcr Petra. Ein Tryptichon.\u201c<br \/>\nNicola Unger<\/p>\n<p>[\/vc_column_text][\/vc_column][\/vc_row][vc_row][vc_column]<div class=\"eut-element eut-divider eut-align-center\" style=\"\"><span class=\"eut-custom-divider eut-bg-primary-1\" style=\"width: 100%;height: 2px;\"><\/span><\/div>[\/vc_column][\/vc_row][vc_row][vc_column][vc_column_text animation_delay=&#8220;500&#8243;]<\/p>\n<h4 style=\"text-align: center;\">Haftung f\u00fcr Inhalte<\/h4>\n<p>[\/vc_column_text][\/vc_column][\/vc_row][vc_row][vc_column width=&#8220;1\/2&#8243;][vc_column_text animation_delay=&#8220;500&#8243;]Die Inhalte dieser Seiten wurden mit gr\u00f6\u00dfter Sorg\u00adfalt er\u00adstellt. F\u00fcr die Richtig\u00adkeit, Voll\u00adst\u00e4ndig\u00adkeit und Aktuali\u00adt\u00e4t der In\u00adhalte kann ich jedoch keine Ge\u00adw\u00e4hr \u00fcber\u00adnehmen. Als Dienste\u00adanbie\u00adter bin ich gem\u00e4\u00df \u00a7 7 Abs.1 TMG f\u00fcr eigene In\u00adhalte auf diesen Seiten nach den all\u00adge\u00admeinen Ge\u00adsetzen ver\u00adant\u00adwort\u00adlich. Nach \u00a7 8 bis 10 TMG bin ich als ein Dienste\u00adan\u00adbieter je\u00addoch nicht ver\u00adpflich\u00adtet, \u00fcber\u00admittelte oder ge\u00adspeicherte fremde In\u00adforma\u00adtionen zu \u00fcber\u00adwachen oder nach den Um\u00adst\u00e4nden zu forschen, die auf eine rechts\u00adwidrige T\u00e4tig\u00adkeit hin\u00adweisen.[\/vc_column_text][\/vc_column][vc_column width=&#8220;1\/2&#8243;][vc_column_text]<\/p>\n<p>Die Ver\u00adpflichtun\u00adgen zur Ent\u00adfernung oder Sperrung der Nutzung von In\u00adfor\u00adma\u00adtionen nach den all\u00adge\u00admeinen Ge\u00adsetzen bleiben hier\u00advon un\u00adber\u00fchrt. Eine dies\u00adbez\u00fcg\u00adliche Haf\u00adtung ist je\u00addoch erst ab dem Zeit\u00adpunkt der Kennt\u00adnis einer kon\u00adkreten Rechts\u00adverletzung m\u00f6g\u00adlich. Bei Be\u00adkannt\u00adwerden von ent\u00adsprechen\u00adden Rechts\u00adver\u00adletzun\u00adgen werde ich diese In\u00adhalte um\u00adgehend ent\u00adfernen.<\/p>\n<p>[\/vc_column_text][\/vc_column][\/vc_row][vc_row][vc_column]<div class=\"eut-element eut-divider eut-align-center\" style=\"\"><span class=\"eut-custom-divider eut-bg-primary-1\" style=\"width: 100%;height: 2px;\"><\/span><\/div>[\/vc_column][\/vc_row][vc_row][vc_column][vc_column_text animation_delay=&#8220;500&#8243;]<\/p>\n<h4 style=\"text-align: center;\">Haftung f\u00fcr Links<\/h4>\n<p>[\/vc_column_text][\/vc_column][\/vc_row][vc_row][vc_column width=&#8220;1\/2&#8243;][vc_column_text animation_delay=&#8220;500&#8243;]Mein An\u00adgebot ent\u00adh\u00e4lt Links zu ex\u00adternen Web\u00adseiten Dritter, auf deren In\u00adhalte ich keinen Ein\u00adfluss habe. Des\u00adhalb kann ich f\u00fcr diese frem\u00adden In\u00adhalte auch keine Ge\u00adw\u00e4hr \u00fcber\u00adnehmen. F\u00fcr die In\u00adhalte der ver\u00adlinkten Seiten ist stets der je\u00adweilige An\u00adbieter oder Be\u00adtreiber der Seiten ver\u00adant\u00adwort\u00adlich. Die ver\u00adlinkten Seiten wurden zum Zeit\u00adpunkt der Ver\u00adlinkung auf m\u00f6g\u00adliche Rechts\u00adver\u00adst\u00f6\u00dfe \u00fcber\u00adpr\u00fcft.[\/vc_column_text][\/vc_column][vc_column width=&#8220;1\/2&#8243;][vc_column_text]<\/p>\n<p>Rechts\u00adwidrige In\u00adhalte waren zum Zeit\u00adpunkt der Ver\u00adlinkung nicht er\u00adkenn\u00adbar. Eine per\u00admanente in\u00adhalt\u00adliche Kon\u00adtrol\u00adle der ver\u00adlinkten Seiten ist je\u00addoch ohne kon\u00adkrete An\u00adhalts\u00adpunkte einer Rechts\u00adver\u00adletzung nicht zu\u00admut\u00adbar. Bei Be\u00adkannt\u00adwerden von Rechts\u00adver\u00adletzungen werde ich der\u00adarti\u00adge Links um\u00adgehend ent\u00adfernen.<\/p>\n<p>[\/vc_column_text][\/vc_column][\/vc_row][vc_row][vc_column]<div class=\"eut-element eut-divider eut-align-center\" style=\"\"><span class=\"eut-custom-divider eut-bg-primary-1\" style=\"width: 100%;height: 2px;\"><\/span><\/div>[\/vc_column][\/vc_row][vc_row][vc_column][vc_column_text animation_delay=&#8220;500&#8243;]<\/p>\n<h4 style=\"text-align: center;\">Urheberrecht<\/h4>\n<p>[\/vc_column_text][\/vc_column][\/vc_row][vc_row][vc_column width=&#8220;1\/2&#8243;][vc_column_text animation_delay=&#8220;500&#8243;]<\/p>\n<p>Die durch die Seiten\u00adbe\u00adtreiber er\u00adstellten In\u00adhalte und Werke auf dieser Web\u00adseite unter\u00adliegen dem deutschen Ur\u00adheber\u00adrecht. Die Ver\u00adviel\u00adf\u00e4lti\u00adgung, Be\u00adarbei\u00adtung, Ver\u00adbreitung und jede Art der Ver\u00adwertung au\u00dfer\u00adhalb der Gren\u00adzen des Ur\u00adheber\u00adrechtes be\u00add\u00fcrfen der schrift\u00adlichen Zu\u00adstim\u00admung des je\u00adweili\u00adgen Autors bzw. Er\u00adstellers. Down\u00adloads und Kopien dieser Seite sind nur f\u00fcr den priva\u00adten, nicht kom\u00admerziel\u00adlen Ge\u00adbrauch ge\u00adstattet.<\/p>\n<p>[\/vc_column_text][\/vc_column][vc_column width=&#8220;1\/2&#8243;][vc_column_text]<\/p>\n<p>So\u00adweit die In\u00adhalte auf dieser Seite nicht vom Be\u00adtreiber er\u00adstellt wurden, werden die Ur\u00adheber\u00adrechte Drit\u00adter be\u00adach\u00adtet. Insbe\u00adsondere werden In\u00adhalte Drit\u00adter als solche ge\u00adkenn\u00adzeich\u00adnet. Sol\u00adlten Sie trotz\u00addem auf eine Ur\u00adheber\u00adrechts\u00adver\u00adletzung auf\u00admerk\u00adsam werden, bitte ich um einen ent\u00adsprechen\u00adden Hin\u00adweis. Bei Be\u00adkannt\u00adwerden von Rechts\u00adver\u00adletzungen werde ich der\u00adartige In\u00adhalte um\u00adgehend ent\u00adfernen.<\/p>\n<p>[\/vc_column_text][\/vc_column][\/vc_row]<\/p>\n","protected":false},"excerpt":{"rendered":"<p>[vc_row padding_top_multiplier=&#8220;&#8220;][vc_column css=&#8220;.vc_custom_1648536023250{margin-top: 18px !important;}&#8220;][vc_column_text animation_delay=&#8220;500&#8243;] Impressum \u2013 Valentin-Senger-Stra\u00dfe 12 \u00b7 60389 Frankfurt am Main Telefon +49.179.110 14 04 \u00b7 eMail webseite [at] ulihoehmann [dot] de [\/vc_column_text][\/vc_column][\/vc_row][vc_row][vc_column][vc_column_text animation_delay=&#8220;500&#8243;] Redaktionelle Verantwortung Uli H\u00f6hmann [\/vc_column_text][\/vc_column][\/vc_row][vc_row][vc_column][vc_column_text animation_delay=&#8220;500&#8243;] Konzept \/ Gestaltung Christian Leithner \u00b7 www.dieleithners.de [\/vc_column_text][\/vc_column][\/vc_row][vc_row][vc_column][vc_column_text animation_delay=&#8220;500&#8243;] Fotografie \u201eGab&#8217;s Tote?\u201c \u2013 Pressekabarett Johanna Schm\u00fccker \u201eUnd \u2026?\u201c \u2013 Sit-down-Comedy Jens [&hellip;]<\/p>\n","protected":false},"author":1,"featured_media":0,"parent":0,"menu_order":10,"comment_status":"closed","ping_status":"closed","template":"","meta":{"footnotes":""},"_links":{"self":[{"href":"https:\/\/ulihoehmann.de\/index.php\/wp-json\/wp\/v2\/pages\/269"}],"collection":[{"href":"https:\/\/ulihoehmann.de\/index.php\/wp-json\/wp\/v2\/pages"}],"about":[{"href":"https:\/\/ulihoehmann.de\/index.php\/wp-json\/wp\/v2\/types\/page"}],"author":[{"embeddable":true,"href":"https:\/\/ulihoehmann.de\/index.php\/wp-json\/wp\/v2\/users\/1"}],"replies":[{"embeddable":true,"href":"https:\/\/ulihoehmann.de\/index.php\/wp-json\/wp\/v2\/comments?post=269"}],"version-history":[{"count":2,"href":"https:\/\/ulihoehmann.de\/index.php\/wp-json\/wp\/v2\/pages\/269\/revisions"}],"predecessor-version":[{"id":1170,"href":"https:\/\/ulihoehmann.de\/index.php\/wp-json\/wp\/v2\/pages\/269\/revisions\/1170"}],"wp:attachment":[{"href":"https:\/\/ulihoehmann.de\/index.php\/wp-json\/wp\/v2\/media?parent=269"}],"curies":[{"name":"wp","href":"https:\/\/api.w.org\/{rel}","templated":true}]}}